{"id":544,"date":"2021-06-25T19:06:58","date_gmt":"2021-06-25T16:06:58","guid":{"rendered":"http:\/\/ozel.law\/tr\/?page_id=544"},"modified":"2021-07-13T16:03:22","modified_gmt":"2021-07-13T13:03:22","slug":"hakkimizda","status":"publish","type":"page","link":"https:\/\/ozel.law\/tr\/hakkimizda\/","title":{"rendered":"Hakk\u0131m\u0131zda"},"content":{"rendered":"\t\t<div data-elementor-type=\"wp-page\" data-elementor-id=\"544\" class=\"elementor elementor-544\" data-elementor-post-type=\"page\">\n\t\t\t\t\t\t<section class=\"elementor-section elementor-top-section elementor-element elementor-element-dd635ad elementor-section-height-min-height elementor-section-stretched elementor-section-boxed elementor-section-height-default elementor-section-items-middle\" data-id=\"dd635ad\" data-element_type=\"section\" data-settings=\"{&quot;stretch_section&quot;:&quot;section-stretched&quot;,&quot;background_background&quot;:&quot;classic&quot;}\">\n\t\t\t\t\t\t\t<div class=\"elementor-background-overlay\"><\/div>\n\t\t\t\t\t\t\t<div class=\"elementor-container elementor-column-gap-default\">\n\t\t\t\t\t<div class=\"elementor-column elementor-col-100 elementor-top-column elementor-element elementor-element-2a2af6c\" data-id=\"2a2af6c\" data-element_type=\"column\">\n\t\t\t<div class=\"elementor-widget-wrap elementor-element-populated\">\n\t\t\t\t\t\t<div class=\"elementor-element elementor-element-4687416 elementor-widget elementor-widget-theme-post-title elementor-page-title elementor-widget-heading\" data-id=\"4687416\" data-element_type=\"widget\" data-widget_type=\"theme-post-title.default\">\n\t\t\t\t<div class=\"elementor-widget-container\">\n\t\t\t<h1 class=\"elementor-heading-title elementor-size-default\">Hakk\u0131m\u0131zda<\/h1>\t\t<\/div>\n\t\t\t\t<\/div>\n\t\t\t\t\t<\/div>\n\t\t<\/div>\n\t\t\t\t\t<\/div>\n\t\t<\/section>\n\t\t\t\t<section class=\"elementor-section elementor-top-section elementor-element elementor-element-b0675a0 elementor-section-boxed elementor-section-height-default elementor-section-height-default\" data-id=\"b0675a0\" data-element_type=\"section\">\n\t\t\t\t\t\t<div class=\"elementor-container elementor-column-gap-default\">\n\t\t\t\t\t<div class=\"elementor-column elementor-col-100 elementor-top-column elementor-element elementor-element-2328aee\" data-id=\"2328aee\" data-element_type=\"column\">\n\t\t\t<div class=\"elementor-widget-wrap elementor-element-populated\">\n\t\t\t\t\t\t<div class=\"elementor-element elementor-element-a92ff5c elementor-widget elementor-widget-text-editor\" data-id=\"a92ff5c\" data-element_type=\"widget\" data-widget_type=\"text-editor.default\">\n\t\t\t\t<div class=\"elementor-widget-container\">\n\t\t\t\t\t\t\t<p>\u00d6ZEL Avukatl\u0131k Dan\u0131\u015fmanl\u0131k, Av. Osman Ert\u00fcrk \u00d6ZEL, LL.M. ve Av. Yi\u011fit G\u00f6kt\u00fcrk \u00d6ZEL taraf\u0131ndan 2016 y\u0131l\u0131nda kurulmu\u015ftur. M\u00fcvekkillerine Ankara ve \u0130stanbul dahil olmak \u00fczere, ihtiya\u00e7 duyabilecekleri her yerde hukuki hizmet vermekte olup, temsil kabiliyeti y\u00fcksek ekibi ve ba\u011flant\u0131l\u0131 oldu\u011fu i\u015f ortaklar\u0131 vas\u0131tas\u0131 ile h\u0131zl\u0131, \u015feffaf ve \u00e7\u00f6z\u00fcm odakl\u0131 bir anlay\u0131\u015fla hareket etmektedir.<\/p><p>\u00d6ZEL, ulusal ve uluslararas\u0131 kurulu\u015flara, \u015firketlere ve ger\u00e7ek ki\u015filere t\u00fcm hukuki sorunlar\u0131nda yan\u0131nda olma amac\u0131 ile yola \u00e7\u0131km\u0131\u015f, bu yolda m\u00fc\u015fterilerinin beklentilerine her \u015feyden \u00f6nce de\u011fer vermeyi ilke edinmi\u015ftir.<\/p><p>Hukukun \u00fcst\u00fcnl\u00fc\u011f\u00fcn\u00fc, gizlilik, tam profesyonellik ve kaliteyi ana prensipleri olarak benimseyen \u00d6ZEL, her t\u00fcrl\u00fc ileti\u015fim arac\u0131yla t\u00fcm hukuki s\u00fcre\u00e7leri takip edebilen bir firma olman\u0131n yan\u0131 s\u0131ra, m\u00fcvekkillerinin acil sorunlar\u0131 i\u00e7in g\u00fcn\u00fcn her saatinde ula\u015f\u0131labilirdir.<\/p><p>\u00d6ZEL, ilkeli bir \u00e7al\u0131\u015fma sistemi ile dan\u0131\u015fmanl\u0131k ve takip konusu olan her konuda, \u00f6nceden belirlenmi\u015f s\u0131kl\u0131k ve \u00e7er\u00e7evede m\u00fcvekkillerini bilgilendirmektedir. \u00d6ZEL, bu hizmete ek olarak, &#8216;www.ozel.law&#8217; web sitesi \u00fczerinden hizmete sundu\u011fu bir hukuki otomasyon sistemi ile m\u00fcvekkillerinin kendi hukuki s\u00fcre\u00e7lerini takip etmelerini sa\u011flamaktad\u0131r.<\/p><p>\u00d6ZEL, ulusal ve uluslararas\u0131 ticaret hukuku, \u015firketler ve s\u00f6zle\u015fmeler hukuku, birle\u015fme ve devralma, savunma, fikri m\u00fclkiyet hukuku, gayrimenkul ve in\u015faat hukuku, tahkim, idare hukuku, kamu ihale hukuku, i\u015f hukuku, ceza hukuku, dernekler hukuku konular\u0131nda hizmet sunar.<\/p><p>Sivil toplum g\u00f6n\u00fcll\u00fclerinden olu\u015fan personelle \u00e7al\u0131\u015fan \u00d6ZEL, insan haklar\u0131 ve g\u00f6\u00e7menler ile m\u00fclteciler konusunda geni\u015f bilgi birikimine sahip olup, bu alanlardaki yasal d\u00fczenlemeler ve prosed\u00fcrler hakk\u0131nda bilgi sahibidir.<\/p><p>\u00d6ZEL, avukatl\u0131k hizmetlerini daha kaliteli ve verimli hale getirebilmek i\u00e7in istihdam etti\u011fi personelinin yan\u0131 s\u0131ra, Akademik Dan\u0131\u015fma Kurulu\u2019nu olu\u015fturan ve hukuk fak\u00fcltelerinde g\u00f6rev yapan hemen her bran\u015ftan akademisyenden olu\u015fan, gen\u00e7 ve dinamik bir kadrodan yararlanmaktad\u0131r.<\/p><p>\u00d6ZEL Avukatl\u0131k Dan\u0131\u015fmanl\u0131\u011f\u0131 yukar\u0131da belirtilen t\u00fcm hizmetleri sizlere sunmaktan b\u00fcy\u00fck onur duyacakt\u0131r.<\/p>\t\t\t\t\t\t<\/div>\n\t\t\t\t<\/div>\n\t\t\t\t\t<\/div>\n\t\t<\/div>\n\t\t\t\t\t<\/div>\n\t\t<\/section>\n\t\t\t\t<\/div>\n\t\t","protected":false},"excerpt":{"rendered":"<p>\u00d6ZEL Avukatl\u0131k Dan\u0131\u015fmanl\u0131k, Av. Osman Ert\u00fcrk \u00d6ZEL, LL.M. ve Av. Yi\u011fit G\u00f6kt\u00fcrk \u00d6ZEL taraf\u0131ndan 2016 y\u0131l\u0131nda kurulmu\u015ftur. M\u00fcvekkillerine Ankara ve \u0130stanbul dahil olmak \u00fczere, ihtiya\u00e7 duyabilecekleri her yerde hukuki hizmet vermekte olup, temsil kabiliyeti y\u00fcksek ekibi ve ba\u011flant\u0131l\u0131 oldu\u011fu i\u015f ortaklar\u0131 vas\u0131tas\u0131 ile h\u0131zl\u0131, \u015feffaf ve \u00e7\u00f6z\u00fcm odakl\u0131 bir anlay\u0131\u015fla hareket etmektedir. \u00d6ZEL, ulusal ve&hellip;<\/p>\n","protected":false},"author":1,"featured_media":0,"parent":0,"menu_order":0,"comment_status":"closed","ping_status":"closed","template":"","meta":{"footnotes":""},"class_list":["post-544","page","type-page","status-publish","hentry"],"_links":{"self":[{"href":"https:\/\/ozel.law\/tr\/wp-json\/wp\/v2\/pages\/544","targetHints":{"allow":["GET"]}}],"collection":[{"href":"https:\/\/ozel.law\/tr\/wp-json\/wp\/v2\/pages"}],"about":[{"href":"https:\/\/ozel.law\/tr\/wp-json\/wp\/v2\/types\/page"}],"author":[{"embeddable":true,"href":"https:\/\/ozel.law\/tr\/wp-json\/wp\/v2\/users\/1"}],"replies":[{"embeddable":true,"href":"https:\/\/ozel.law\/tr\/wp-json\/wp\/v2\/comments?post=544"}],"version-history":[{"count":0,"href":"https:\/\/ozel.law\/tr\/wp-json\/wp\/v2\/pages\/544\/revisions"}],"wp:attachment":[{"href":"https:\/\/ozel.law\/tr\/wp-json\/wp\/v2\/media?parent=544"}],"curies":[{"name":"wp","href":"https:\/\/api.w.org\/{rel}","templated":true}]}}