{"id":727,"date":"2021-06-30T11:37:41","date_gmt":"2021-06-30T08:37:41","guid":{"rendered":"http:\/\/ozel.law\/tr\/?page_id=727"},"modified":"2021-07-13T12:06:55","modified_gmt":"2021-07-13T09:06:55","slug":"is-hukuku","status":"publish","type":"page","link":"https:\/\/ozel.law\/tr\/calisma-alanlari\/is-hukuku\/","title":{"rendered":"\u0130\u015f Hukuku"},"content":{"rendered":"\t\t<div data-elementor-type=\"wp-page\" data-elementor-id=\"727\" class=\"elementor elementor-727\" data-elementor-post-type=\"page\">\n\t\t\t\t\t\t<section class=\"elementor-section elementor-top-section elementor-element elementor-element-e398e79 elementor-section-height-min-height elementor-section-stretched elementor-section-boxed elementor-section-height-default elementor-section-items-middle\" data-id=\"e398e79\" data-element_type=\"section\" data-settings=\"{&quot;stretch_section&quot;:&quot;section-stretched&quot;,&quot;background_background&quot;:&quot;classic&quot;}\">\n\t\t\t\t\t\t\t<div class=\"elementor-background-overlay\"><\/div>\n\t\t\t\t\t\t\t<div class=\"elementor-container elementor-column-gap-default\">\n\t\t\t\t\t<div class=\"elementor-column elementor-col-100 elementor-top-column elementor-element elementor-element-2b54bf1\" data-id=\"2b54bf1\" data-element_type=\"column\">\n\t\t\t<div class=\"elementor-widget-wrap elementor-element-populated\">\n\t\t\t\t\t\t<div class=\"elementor-element elementor-element-6c26bf4 elementor-widget elementor-widget-heading\" data-id=\"6c26bf4\" data-element_type=\"widget\" data-widget_type=\"heading.default\">\n\t\t\t\t<div class=\"elementor-widget-container\">\n\t\t\t<h1 class=\"elementor-heading-title elementor-size-default\">\u0130\u015f Hukuku <\/h1>\t\t<\/div>\n\t\t\t\t<\/div>\n\t\t\t\t\t<\/div>\n\t\t<\/div>\n\t\t\t\t\t<\/div>\n\t\t<\/section>\n\t\t\t\t<section class=\"elementor-section elementor-top-section elementor-element elementor-element-0e7223d elementor-section-boxed elementor-section-height-default elementor-section-height-default\" data-id=\"0e7223d\" data-element_type=\"section\">\n\t\t\t\t\t\t<div class=\"elementor-container elementor-column-gap-default\">\n\t\t\t\t\t<div class=\"elementor-column elementor-col-100 elementor-top-column elementor-element elementor-element-aee5c45\" data-id=\"aee5c45\" data-element_type=\"column\">\n\t\t\t<div class=\"elementor-widget-wrap elementor-element-populated\">\n\t\t\t\t\t\t<div class=\"elementor-element elementor-element-a42c7c0 elementor-widget elementor-widget-text-editor\" data-id=\"a42c7c0\" data-element_type=\"widget\" data-widget_type=\"text-editor.default\">\n\t\t\t\t<div class=\"elementor-widget-container\">\n\t\t\t\t\t\t\t<p>\u00d6ZEL\u2019in m\u00fcvekkil firmalara sa\u011flad\u0131\u011f\u0131 kapsay\u0131c\u0131 hukuki hizmetin en \u00f6nemli sac ayaklar\u0131ndan bir tanesi de i\u015f hukuku s\u00fcre\u00e7leridir. Bireysel ve toplu i\u015f hukuku, i\u015f sa\u011fl\u0131\u011f\u0131 ve g\u00fcvenli\u011fi hukuku, sosyal g\u00fcvenlik hukuku, g\u00f6\u00e7 hukuku alanlar\u0131nda m\u00fcvekkilllerine avukatl\u0131k hizmeti sunan \u00d6ZEL, t\u00fcm kanunlara, ikincil mevzuata ve k\u00fclt\u00fcrel hassasiyetlere hakim bir \u015fekilde, prati\u011fe uygun ve ger\u00e7ek\u00e7i bir yakla\u015f\u0131mla temsil g\u00f6revini s\u00fcrd\u00fcrmektedir.<\/p><p>\u00d6ZEL, sa\u011flad\u0131\u011f\u0131 \u00f6nleyici dan\u0131\u015fmanl\u0131k hizmetleri kapsam\u0131nda m\u00fcvekkil \u015firketin i\u015f s\u00f6zle\u015fmeleri, \u015firket i\u015fyeri politikalar\u0131, i\u015f s\u00f6zle\u015fmesinin feshine y\u00f6nelik risk analizi personellere sa\u011flanan menfaat ve tazminatlar ile \u015fahsi sicil dosyalar\u0131 gibi hususlar \u00fczerinde \u00e7al\u0131\u015fmakta, tespit edilen eksikliklerin giderilmesi i\u00e7in m\u00fcvekkile \u00f6zg\u00fc s\u00f6zle\u015fme ve evraklar d\u00fczenlemektedir.<\/p><p>\u00d6ZEL, m\u00fcvekkilinin i\u015f\u00e7ileri ile ya\u015fad\u0131\u011f\u0131 uyu\u015fmazl\u0131klar\u0131n halli a\u015famas\u0131nda da gerek ihtiyari ve zorunlu arabuluculuk s\u00fcre\u00e7lerini takip etmek, gerekse de a\u00e7\u0131lan davalara kat\u0131l\u0131m g\u00f6stermek noktalar\u0131nda g\u00f6rev yapmaktad\u0131r.<\/p>\t\t\t\t\t\t<\/div>\n\t\t\t\t<\/div>\n\t\t\t\t\t<\/div>\n\t\t<\/div>\n\t\t\t\t\t<\/div>\n\t\t<\/section>\n\t\t\t\t<\/div>\n\t\t","protected":false},"excerpt":{"rendered":"<p>\u0130\u015f Hukuku \u00d6ZEL\u2019in m\u00fcvekkil firmalara sa\u011flad\u0131\u011f\u0131 kapsay\u0131c\u0131 hukuki hizmetin en \u00f6nemli sac ayaklar\u0131ndan bir tanesi de i\u015f hukuku s\u00fcre\u00e7leridir. Bireysel ve toplu i\u015f hukuku, i\u015f sa\u011fl\u0131\u011f\u0131 ve g\u00fcvenli\u011fi hukuku, sosyal g\u00fcvenlik hukuku, g\u00f6\u00e7 hukuku alanlar\u0131nda m\u00fcvekkilllerine avukatl\u0131k hizmeti sunan \u00d6ZEL, t\u00fcm kanunlara, ikincil mevzuata ve k\u00fclt\u00fcrel hassasiyetlere hakim bir \u015fekilde, prati\u011fe uygun ve ger\u00e7ek\u00e7i bir&hellip;<\/p>\n","protected":false},"author":1,"featured_media":0,"parent":406,"menu_order":0,"comment_status":"closed","ping_status":"closed","template":"","meta":{"footnotes":""},"class_list":["post-727","page","type-page","status-publish","hentry"],"_links":{"self":[{"href":"https:\/\/ozel.law\/tr\/wp-json\/wp\/v2\/pages\/727","targetHints":{"allow":["GET"]}}],"collection":[{"href":"https:\/\/ozel.law\/tr\/wp-json\/wp\/v2\/pages"}],"about":[{"href":"https:\/\/ozel.law\/tr\/wp-json\/wp\/v2\/types\/page"}],"author":[{"embeddable":true,"href":"https:\/\/ozel.law\/tr\/wp-json\/wp\/v2\/users\/1"}],"replies":[{"embeddable":true,"href":"https:\/\/ozel.law\/tr\/wp-json\/wp\/v2\/comments?post=727"}],"version-history":[{"count":0,"href":"https:\/\/ozel.law\/tr\/wp-json\/wp\/v2\/pages\/727\/revisions"}],"up":[{"embeddable":true,"href":"https:\/\/ozel.law\/tr\/wp-json\/wp\/v2\/pages\/406"}],"wp:attachment":[{"href":"https:\/\/ozel.law\/tr\/wp-json\/wp\/v2\/media?parent=727"}],"curies":[{"name":"wp","href":"https:\/\/api.w.org\/{rel}","templated":true}]}}