{"id":730,"date":"2021-06-30T11:41:06","date_gmt":"2021-06-30T08:41:06","guid":{"rendered":"http:\/\/ozel.law\/tr\/?page_id=730"},"modified":"2021-07-13T12:08:38","modified_gmt":"2021-07-13T09:08:38","slug":"fikri-mulkiyet-hukuku","status":"publish","type":"page","link":"https:\/\/ozel.law\/tr\/calisma-alanlari\/fikri-mulkiyet-hukuku\/","title":{"rendered":"Fikri M\u00fclkiyet Hukuku"},"content":{"rendered":"\t\t<div data-elementor-type=\"wp-page\" data-elementor-id=\"730\" class=\"elementor elementor-730\" data-elementor-post-type=\"page\">\n\t\t\t\t\t\t<section class=\"elementor-section elementor-top-section elementor-element elementor-element-d538f86 elementor-section-height-min-height elementor-section-stretched elementor-section-boxed elementor-section-height-default elementor-section-items-middle\" data-id=\"d538f86\" data-element_type=\"section\" data-settings=\"{&quot;stretch_section&quot;:&quot;section-stretched&quot;,&quot;background_background&quot;:&quot;classic&quot;}\">\n\t\t\t\t\t\t\t<div class=\"elementor-background-overlay\"><\/div>\n\t\t\t\t\t\t\t<div class=\"elementor-container elementor-column-gap-default\">\n\t\t\t\t\t<div class=\"elementor-column elementor-col-100 elementor-top-column elementor-element elementor-element-d5230b9\" data-id=\"d5230b9\" data-element_type=\"column\">\n\t\t\t<div class=\"elementor-widget-wrap elementor-element-populated\">\n\t\t\t\t\t\t<div class=\"elementor-element elementor-element-c0d5458 elementor-widget elementor-widget-heading\" data-id=\"c0d5458\" data-element_type=\"widget\" data-widget_type=\"heading.default\">\n\t\t\t\t<div class=\"elementor-widget-container\">\n\t\t\t<h1 class=\"elementor-heading-title elementor-size-default\">Fikri M\u00fclkiyet Hukuku <\/h1>\t\t<\/div>\n\t\t\t\t<\/div>\n\t\t\t\t\t<\/div>\n\t\t<\/div>\n\t\t\t\t\t<\/div>\n\t\t<\/section>\n\t\t\t\t<section class=\"elementor-section elementor-top-section elementor-element elementor-element-6bbb600 elementor-section-boxed elementor-section-height-default elementor-section-height-default\" data-id=\"6bbb600\" data-element_type=\"section\">\n\t\t\t\t\t\t<div class=\"elementor-container elementor-column-gap-default\">\n\t\t\t\t\t<div class=\"elementor-column elementor-col-100 elementor-top-column elementor-element elementor-element-5bc6793\" data-id=\"5bc6793\" data-element_type=\"column\">\n\t\t\t<div class=\"elementor-widget-wrap elementor-element-populated\">\n\t\t\t\t\t\t<div class=\"elementor-element elementor-element-7df9e09 elementor-widget elementor-widget-text-editor\" data-id=\"7df9e09\" data-element_type=\"widget\" data-widget_type=\"text-editor.default\">\n\t\t\t\t<div class=\"elementor-widget-container\">\n\t\t\t\t\t\t\t<p>\u00d6ZEL, marka, patent, telif haklar\u0131, end\u00fcstriyel tasar\u0131m, ticari s\u0131rlar\u0131n korunmas\u0131, alan ad\u0131 uyu\u015fmazl\u0131klar\u0131 ve haks\u0131z rekabete ili\u015fkin hususlar dahil olmak \u00fczere fikri ve s\u0131nai m\u00fclkiyet hukukuna konu her alanda m\u00fcvekkillere hukuki destek sa\u011flamaktad\u0131r.<\/p><p>Bu alandaki hizmetlerimiz, fikri ve s\u0131nai m\u00fclkiyet hak sahiplerine dan\u0131\u015fmanl\u0131k hizmeti sunulmas\u0131n\u0131n yan\u0131 s\u0131ra, T\u00fcrk Marka ve Patent Kurumu nezdinde y\u00fcr\u00fct\u00fclen ba\u015fvuru ve itiraz s\u00fcre\u00e7leri dahil t\u00fcm a\u015famalarda gerekli takibin s\u00fcrd\u00fcr\u00fclmesi ile hukuki ve cezai davalarda m\u00fcvekkillerin temsil edilmesini de kapsamaktad\u0131r.<\/p><p>\u00d6ZEL, fikri m\u00fclkiyet haklar\u0131n\u0131n y\u00f6netiminin stratejik bir konu oldu\u011fu bilinciyle hareket ederek, m\u00fcvekkillerin fikri m\u00fclkiyet haklar\u0131n\u0131n de\u011ferini art\u0131rmay\u0131, ayn\u0131 zamanda olas\u0131 riskleri d\u00fc\u015f\u00fcrmeyi ama\u00e7lar. Bu ba\u011flamda, \u00d6ZEL b\u00fcnyesinde s\u00fcrd\u00fcr\u00fclen hizmetler ile m\u00fcvekkillere uygun stratejilerin ve koruma mekanizmalar\u0131n\u0131 geli\u015ftirilmesi hedeflenmektedir.<\/p>\t\t\t\t\t\t<\/div>\n\t\t\t\t<\/div>\n\t\t\t\t\t<\/div>\n\t\t<\/div>\n\t\t\t\t\t<\/div>\n\t\t<\/section>\n\t\t\t\t<\/div>\n\t\t","protected":false},"excerpt":{"rendered":"<p>Fikri M\u00fclkiyet Hukuku \u00d6ZEL, marka, patent, telif haklar\u0131, end\u00fcstriyel tasar\u0131m, ticari s\u0131rlar\u0131n korunmas\u0131, alan ad\u0131 uyu\u015fmazl\u0131klar\u0131 ve haks\u0131z rekabete ili\u015fkin hususlar dahil olmak \u00fczere fikri ve s\u0131nai m\u00fclkiyet hukukuna konu her alanda m\u00fcvekkillere hukuki destek sa\u011flamaktad\u0131r. Bu alandaki hizmetlerimiz, fikri ve s\u0131nai m\u00fclkiyet hak sahiplerine dan\u0131\u015fmanl\u0131k hizmeti sunulmas\u0131n\u0131n yan\u0131 s\u0131ra, T\u00fcrk Marka ve Patent Kurumu&hellip;<\/p>\n","protected":false},"author":1,"featured_media":0,"parent":406,"menu_order":0,"comment_status":"closed","ping_status":"closed","template":"","meta":{"footnotes":""},"class_list":["post-730","page","type-page","status-publish","hentry"],"_links":{"self":[{"href":"https:\/\/ozel.law\/tr\/wp-json\/wp\/v2\/pages\/730","targetHints":{"allow":["GET"]}}],"collection":[{"href":"https:\/\/ozel.law\/tr\/wp-json\/wp\/v2\/pages"}],"about":[{"href":"https:\/\/ozel.law\/tr\/wp-json\/wp\/v2\/types\/page"}],"author":[{"embeddable":true,"href":"https:\/\/ozel.law\/tr\/wp-json\/wp\/v2\/users\/1"}],"replies":[{"embeddable":true,"href":"https:\/\/ozel.law\/tr\/wp-json\/wp\/v2\/comments?post=730"}],"version-history":[{"count":0,"href":"https:\/\/ozel.law\/tr\/wp-json\/wp\/v2\/pages\/730\/revisions"}],"up":[{"embeddable":true,"href":"https:\/\/ozel.law\/tr\/wp-json\/wp\/v2\/pages\/406"}],"wp:attachment":[{"href":"https:\/\/ozel.law\/tr\/wp-json\/wp\/v2\/media?parent=730"}],"curies":[{"name":"wp","href":"https:\/\/api.w.org\/{rel}","templated":true}]}}